{"id":4291,"date":"2025-03-06T09:20:30","date_gmt":"2025-03-06T12:20:30","guid":{"rendered":"https:\/\/internacionales.unicen.edu.ar\/?page_id=4291"},"modified":"2025-09-25T13:24:11","modified_gmt":"2025-09-25T16:24:11","slug":"comunidad-graduada-unicen","status":"publish","type":"page","link":"https:\/\/internacionales.unicen.edu.ar\/?page_id=4291","title":{"rendered":"Comunidad graduada UNICEN"},"content":{"rendered":"\t\t<div data-elementor-type=\"wp-page\" data-elementor-id=\"4291\" class=\"elementor elementor-4291\">\n\t\t\t\t<div class=\"elementor-element elementor-element-a7cb2ae e-flex e-con-boxed e-con e-parent\" data-id=\"a7cb2ae\" data-element_type=\"container\">\n\t\t\t\t\t<div class=\"e-con-inner\">\n\t\t\t\t<div class=\"elementor-element elementor-element-5b64f86 elementor-widget elementor-widget-spacer\" data-id=\"5b64f86\" data-element_type=\"widget\" data-widget_type=\"spacer.default\">\n\t\t\t\t<div class=\"elementor-widget-container\">\n\t\t\t\t\t\t\t<div class=\"elementor-spacer\">\n\t\t\t<div class=\"elementor-spacer-inner\"><\/div>\n\t\t<\/div>\n\t\t\t\t\t\t<\/div>\n\t\t\t\t<\/div>\n\t\t\t\t<div class=\"elementor-element elementor-element-16d14bd elementor-widget__width-initial elementor-widget elementor-widget-heading\" data-id=\"16d14bd\" data-element_type=\"widget\" data-widget_type=\"heading.default\">\n\t\t\t\t<div class=\"elementor-widget-container\">\n\t\t\t\t\t<h2 class=\"elementor-heading-title elementor-size-default\">Bienvenidos\/as a la Red Graduada de la Universidad Nacional del Centro de la Provincia de Buenos Aires<\/h2>\t\t\t\t<\/div>\n\t\t\t\t<\/div>\n\t\t\t\t<div class=\"elementor-element elementor-element-52cdfae elementor-widget elementor-widget-text-editor\" data-id=\"52cdfae\" data-element_type=\"widget\" data-widget_type=\"text-editor.default\">\n\t\t\t\t<div class=\"elementor-widget-container\">\n\t\t\t\t\t\t\t\t\t<p><span style=\"font-size: inherit;\">Queremos seguir siendo parte de tu historia, est\u00e9s donde est\u00e9s.<\/span><\/p>\n<p>Esta red conecta a quienes forman parte de nuestra universidad y hoy desarrollan su vida profesional en distintos rincones del mundo.<br>Aqu\u00ed podr\u00e1s reencontrarte con compa\u00f1eros\/as, ampliar tu red de contactos, compartir experiencias y generar nuevas oportunidades junto a otros\/as graduados\/as.<\/p>\n<p>Te invitamos a completar tu perfil y sumarte a una comunidad que crece d\u00eda a d\u00eda, unida por la experiencia de haber estudiado en la UNICEN y por el deseo de seguir construyendo juntos\/as.<\/p>\n<p><strong>\u00danete a nuestra red global.&nbsp;<\/strong><strong style=\"font-size: inherit;\">Comparte tu historia, conecta con otros profesionales y expande tu red profesional<\/strong><span style=\"font-size: inherit;\">.<img decoding=\"async\" src=\"https:\/\/internacionales.unicen.edu.ar\/wp-content\/uploads\/2025\/09\/comunidad-graduada-logo1-a-1-300x300.png\" alt=\"\" width=\"109\" height=\"109\" class=\"alignnone wp-image-4809\" srcset=\"https:\/\/internacionales.unicen.edu.ar\/wp-content\/uploads\/2025\/09\/comunidad-graduada-logo1-a-1-300x300.png 300w, https:\/\/internacionales.unicen.edu.ar\/wp-content\/uploads\/2025\/09\/comunidad-graduada-logo1-a-1-1024x1024.png 1024w, https:\/\/internacionales.unicen.edu.ar\/wp-content\/uploads\/2025\/09\/comunidad-graduada-logo1-a-1-150x150.png 150w, https:\/\/internacionales.unicen.edu.ar\/wp-content\/uploads\/2025\/09\/comunidad-graduada-logo1-a-1-768x768.png 768w, https:\/\/internacionales.unicen.edu.ar\/wp-content\/uploads\/2025\/09\/comunidad-graduada-logo1-a-1.png 1080w\" sizes=\"(max-width: 109px) 100vw, 109px\" \/><\/span><\/p>\t\t\t\t\t\t\t\t<\/div>\n\t\t\t\t<\/div>\n\t\t\t\t\t<\/div>\n\t\t\t\t<\/div>\n\t\t<div class=\"elementor-element elementor-element-0b6de1d e-flex e-con-boxed e-con e-parent\" data-id=\"0b6de1d\" data-element_type=\"container\" data-settings=\"{&quot;background_background&quot;:&quot;classic&quot;}\">\n\t\t\t\t\t<div class=\"e-con-inner\">\n\t\t\t\t<div class=\"elementor-element elementor-element-b43fd14 elementor-widget elementor-widget-heading\" data-id=\"b43fd14\" data-element_type=\"widget\" data-widget_type=\"heading.default\">\n\t\t\t\t<div class=\"elementor-widget-container\">\n\t\t\t\t\t<h4 class=\"elementor-heading-title elementor-size-default\">Registrate <\/h4>\t\t\t\t<\/div>\n\t\t\t\t<\/div>\n\t\t\t\t<div class=\"elementor-element elementor-element-9be2335 elementor-align-center elementor-button-info elementor-widget elementor-widget-button\" data-id=\"9be2335\" data-element_type=\"widget\" data-widget_type=\"button.default\">\n\t\t\t\t<div class=\"elementor-widget-container\">\n\t\t\t\t\t\t\t\t\t<div class=\"elementor-button-wrapper\">\n\t\t\t\t\t<a class=\"elementor-button elementor-button-link elementor-size-sm\" href=\"https:\/\/internacionalesgraduados.unicen.edu.ar\/\">\n\t\t\t\t\t\t<span class=\"elementor-button-content-wrapper\">\n\t\t\t\t\t\t\t\t\t<span class=\"elementor-button-text\">RED GRADUADA UNICEN<\/span>\n\t\t\t\t\t<\/span>\n\t\t\t\t\t<\/a>\n\t\t\t\t<\/div>\n\t\t\t\t\t\t\t\t<\/div>\n\t\t\t\t<\/div>\n\t\t\t\t\t<\/div>\n\t\t\t\t<\/div>\n\t\t\t\t<\/div>\n\t\t","protected":false},"excerpt":{"rendered":"<p>Bienvenidos\/as a la Red Graduada de la Universidad Nacional del Centro de la Provincia de Buenos Aires Queremos seguir siendo parte de tu historia, est\u00e9s donde est\u00e9s. Esta red conecta a quienes forman parte de nuestra universidad y hoy desarrollan su vida profesional en distintos rincones del mundo.Aqu\u00ed podr\u00e1s reencontrarte [&hellip;]<\/p>\n","protected":false},"author":1,"featured_media":0,"parent":0,"menu_order":0,"comment_status":"closed","ping_status":"closed","template":"page-templates\/template-pagebuilder-full-width.php","meta":{"footnotes":""},"class_list":["post-4291","page","type-page","status-publish","hentry"],"rttpg_featured_image_url":null,"rttpg_author":{"display_name":"soporte","author_link":"https:\/\/internacionales.unicen.edu.ar\/?author=1"},"rttpg_comment":0,"rttpg_category":null,"rttpg_excerpt":"Bienvenidos\/as a la Red Graduada de la Universidad Nacional del Centro de la Provincia de Buenos Aires Queremos seguir siendo parte de tu historia, est\u00e9s donde est\u00e9s. Esta red conecta a quienes forman parte de nuestra universidad y hoy desarrollan su vida profesional en distintos rincones del mundo.Aqu\u00ed podr\u00e1s reencontrarte [&hellip;]","_links":{"self":[{"href":"https:\/\/internacionales.unicen.edu.ar\/index.php?rest_route=\/wp\/v2\/pages\/4291","targetHints":{"allow":["GET"]}}],"collection":[{"href":"https:\/\/internacionales.unicen.edu.ar\/index.php?rest_route=\/wp\/v2\/pages"}],"about":[{"href":"https:\/\/internacionales.unicen.edu.ar\/index.php?rest_route=\/wp\/v2\/types\/page"}],"author":[{"embeddable":true,"href":"https:\/\/internacionales.unicen.edu.ar\/index.php?rest_route=\/wp\/v2\/users\/1"}],"replies":[{"embeddable":true,"href":"https:\/\/internacionales.unicen.edu.ar\/index.php?rest_route=%2Fwp%2Fv2%2Fcomments&post=4291"}],"version-history":[{"count":28,"href":"https:\/\/internacionales.unicen.edu.ar\/index.php?rest_route=\/wp\/v2\/pages\/4291\/revisions"}],"predecessor-version":[{"id":4819,"href":"https:\/\/internacionales.unicen.edu.ar\/index.php?rest_route=\/wp\/v2\/pages\/4291\/revisions\/4819"}],"wp:attachment":[{"href":"https:\/\/internacionales.unicen.edu.ar\/index.php?rest_route=%2Fwp%2Fv2%2Fmedia&parent=4291"}],"curies":[{"name":"wp","href":"https:\/\/api.w.org\/{rel}","templated":true}]}}